{"id":58971,"date":"2022-05-17T10:14:15","date_gmt":"2022-05-17T13:14:15","guid":{"rendered":"https:\/\/www.lojadocentro.com.br\/moveis\/?page_id=58971"},"modified":"2022-05-17T13:58:44","modified_gmt":"2022-05-17T16:58:44","slug":"blog","status":"publish","type":"page","link":"https:\/\/lojadocentro.com.br\/moveis\/blog\/","title":{"rendered":"Blog"},"content":{"rendered":"\t\t<div data-elementor-type=\"wp-page\" data-elementor-id=\"58971\" class=\"elementor elementor-58971\" data-elementor-post-type=\"page\">\n\t\t\t\t\t\t<section class=\"elementor-section elementor-top-section elementor-element elementor-element-41141b04 elementor-section-full_width elementor-section-height-default elementor-section-height-default\" data-id=\"41141b04\" data-element_type=\"section\" data-e-type=\"section\" data-settings=\"{&quot;jet_parallax_layout_list&quot;:[],&quot;background_background&quot;:&quot;classic&quot;}\">\n\t\t\t\t\t\t<div class=\"elementor-container elementor-column-gap-no\">\n\t\t\t\t\t<div class=\"elementor-column elementor-col-50 elementor-top-column elementor-element elementor-element-10039524\" data-id=\"10039524\" data-element_type=\"column\" data-e-type=\"column\" data-settings=\"{&quot;background_background&quot;:&quot;classic&quot;}\">\n\t\t\t<div class=\"elementor-widget-wrap elementor-element-populated\">\n\t\t\t\t\t\t<section class=\"elementor-section elementor-inner-section elementor-element elementor-element-32eb2332 elementor-section-height-min-height elementor-section-boxed elementor-section-height-default\" data-id=\"32eb2332\" data-element_type=\"section\" data-e-type=\"section\" data-settings=\"{&quot;background_background&quot;:&quot;classic&quot;,&quot;jet_parallax_layout_list&quot;:[]}\">\n\t\t\t\t\t\t<div class=\"elementor-container elementor-column-gap-default\">\n\t\t\t\t\t<div class=\"elementor-column elementor-col-100 elementor-inner-column elementor-element elementor-element-7e23efab\" data-id=\"7e23efab\" data-element_type=\"column\" data-e-type=\"column\">\n\t\t\t<div class=\"elementor-widget-wrap elementor-element-populated\">\n\t\t\t\t\t\t<div class=\"elementor-element elementor-element-4de2e66 elementor-widget elementor-widget-heading\" data-id=\"4de2e66\" data-element_type=\"widget\" data-e-type=\"widget\" data-widget_type=\"heading.default\">\n\t\t\t\t<div class=\"elementor-widget-container\">\n\t\t\t\t\t<h2 class=\"elementor-heading-title elementor-size-default\">Blog Loja do Centro<\/h2>\t\t\t\t<\/div>\n\t\t\t\t<\/div>\n\t\t\t\t\t<\/div>\n\t\t<\/div>\n\t\t\t\t\t<\/div>\n\t\t<\/section>\n\t\t\t\t\t<\/div>\n\t\t<\/div>\n\t\t\t\t<div class=\"elementor-column elementor-col-50 elementor-top-column elementor-element elementor-element-30f9e986\" data-id=\"30f9e986\" data-element_type=\"column\" data-e-type=\"column\">\n\t\t\t<div class=\"elementor-widget-wrap elementor-element-populated\">\n\t\t\t\t\t\t<div class=\"elementor-element elementor-element-6ce81838 elementor-widget elementor-widget-image\" data-id=\"6ce81838\" data-element_type=\"widget\" data-e-type=\"widget\" data-widget_type=\"image.default\">\n\t\t\t\t<div class=\"elementor-widget-container\">\n\t\t\t\t\t\t\t\t\t\t\t\t\t\t\t<img fetchpriority=\"high\" decoding=\"async\" width=\"1000\" height=\"584\" src=\"https:\/\/lojadocentro.com.br\/moveis\/wp-content\/uploads\/2022\/02\/Prius-1.jpg\" class=\"attachment-full size-full wp-image-58250\" alt=\"\" srcset=\"https:\/\/lojadocentro.com.br\/moveis\/wp-content\/uploads\/2022\/02\/Prius-1.jpg 1000w, https:\/\/lojadocentro.com.br\/moveis\/wp-content\/uploads\/2022\/02\/Prius-1-300x175.jpg 300w, https:\/\/lojadocentro.com.br\/moveis\/wp-content\/uploads\/2022\/02\/Prius-1-200x117.jpg 200w, https:\/\/lojadocentro.com.br\/moveis\/wp-content\/uploads\/2022\/02\/Prius-1-768x449.jpg 768w\" sizes=\"(max-width: 1000px) 100vw, 1000px\" \/>\t\t\t\t\t\t\t\t\t\t\t\t\t\t\t<\/div>\n\t\t\t\t<\/div>\n\t\t\t\t\t<\/div>\n\t\t<\/div>\n\t\t\t\t\t<\/div>\n\t\t<\/section>\n\t\t\t\t<section class=\"elementor-section elementor-top-section elementor-element elementor-element-16cd037 elementor-section-boxed elementor-section-height-default elementor-section-height-default\" data-id=\"16cd037\" data-element_type=\"section\" data-e-type=\"section\" data-settings=\"{&quot;jet_parallax_layout_list&quot;:[]}\">\n\t\t\t\t\t\t<div class=\"elementor-container elementor-column-gap-default\">\n\t\t\t\t\t<div class=\"elementor-column elementor-col-66 elementor-top-column elementor-element elementor-element-464f892\" data-id=\"464f892\" data-element_type=\"column\" data-e-type=\"column\">\n\t\t\t<div class=\"elementor-widget-wrap elementor-element-populated\">\n\t\t\t\t\t\t<div class=\"elementor-element elementor-element-0bb15eb elementor-widget-divider--view-line_text elementor-widget-divider--element-align-right elementor-widget elementor-widget-divider\" data-id=\"0bb15eb\" data-element_type=\"widget\" data-e-type=\"widget\" data-widget_type=\"divider.default\">\n\t\t\t\t<div class=\"elementor-widget-container\">\n\t\t\t\t\t\t\t<div class=\"elementor-divider\">\n\t\t\t<span class=\"elementor-divider-separator\">\n\t\t\t\t\t\t\t<span class=\"elementor-divider__text elementor-divider__element\">\n\t\t\t\tLoja Centro\t\t\t\t<\/span>\n\t\t\t\t\t\t<\/span>\n\t\t<\/div>\n\t\t\t\t\t\t<\/div>\n\t\t\t\t<\/div>\n\t\t\t\t<div class=\"elementor-element elementor-element-8352719 elementor-widget elementor-widget-heading\" data-id=\"8352719\" data-element_type=\"widget\" data-e-type=\"widget\" data-widget_type=\"heading.default\">\n\t\t\t\t<div class=\"elementor-widget-container\">\n\t\t\t\t\t<h2 class=\"elementor-heading-title elementor-size-default\">Posts Recentes<\/h2>\t\t\t\t<\/div>\n\t\t\t\t<\/div>\n\t\t\t\t<div class=\"elementor-element elementor-element-4474079 elementor-grid-1 elementor-posts--thumbnail-left elementor-posts--align-left elementor-grid-tablet-1 elementor-grid-mobile-1 elementor-widget elementor-widget-posts\" data-id=\"4474079\" data-element_type=\"widget\" data-e-type=\"widget\" data-settings=\"{&quot;classic_columns&quot;:&quot;1&quot;,&quot;classic_row_gap&quot;:{&quot;unit&quot;:&quot;px&quot;,&quot;size&quot;:&quot;50&quot;,&quot;sizes&quot;:[]},&quot;classic_columns_tablet&quot;:&quot;1&quot;,&quot;classic_columns_mobile&quot;:&quot;1&quot;,&quot;classic_row_gap_tablet&quot;:{&quot;unit&quot;:&quot;px&quot;,&quot;size&quot;:&quot;&quot;,&quot;sizes&quot;:[]},&quot;classic_row_gap_mobile&quot;:{&quot;unit&quot;:&quot;px&quot;,&quot;size&quot;:&quot;&quot;,&quot;sizes&quot;:[]}}\" data-widget_type=\"posts.classic\">\n\t\t\t\t<div class=\"elementor-widget-container\">\n\t\t\t\t\t\t\t<div class=\"elementor-posts-container elementor-posts elementor-posts--skin-classic elementor-grid\" role=\"list\">\n\t\t\t\t<article class=\"elementor-post elementor-grid-item post-62352 postagens-blog type-postagens-blog status-publish has-post-thumbnail hentry\" role=\"listitem\">\n\t\t\t\t<a class=\"elementor-post__thumbnail__link\" href=\"https:\/\/lojadocentro.com.br\/moveis\/postagens-blog\/como-mobiliar-um-escritorio-para-20-funcionarios\/\" tabindex=\"-1\" >\n\t\t\t<div class=\"elementor-post__thumbnail\"><img decoding=\"async\" width=\"1536\" height=\"1024\" src=\"https:\/\/lojadocentro.com.br\/moveis\/wp-content\/uploads\/2026\/08\/como-mobiliar-um-escritorio-para-20-funcionarios.jpg\" class=\"attachment-full size-full wp-image-62353\" alt=\"Como mobiliar um escrit\u00f3rio para 20 pessoas?\" srcset=\"https:\/\/lojadocentro.com.br\/moveis\/wp-content\/uploads\/2026\/08\/como-mobiliar-um-escritorio-para-20-funcionarios.jpg 1536w, https:\/\/lojadocentro.com.br\/moveis\/wp-content\/uploads\/2026\/08\/como-mobiliar-um-escritorio-para-20-funcionarios-300x200.jpg 300w, https:\/\/lojadocentro.com.br\/moveis\/wp-content\/uploads\/2026\/08\/como-mobiliar-um-escritorio-para-20-funcionarios-1024x683.jpg 1024w, https:\/\/lojadocentro.com.br\/moveis\/wp-content\/uploads\/2026\/08\/como-mobiliar-um-escritorio-para-20-funcionarios-200x133.jpg 200w, https:\/\/lojadocentro.com.br\/moveis\/wp-content\/uploads\/2026\/08\/como-mobiliar-um-escritorio-para-20-funcionarios-768x512.jpg 768w\" sizes=\"(max-width: 1536px) 100vw, 1536px\" \/><\/div>\n\t\t<\/a>\n\t\t\t\t<div class=\"elementor-post__text\">\n\t\t\t\t<h3 class=\"elementor-post__title\">\n\t\t\t<a href=\"https:\/\/lojadocentro.com.br\/moveis\/postagens-blog\/como-mobiliar-um-escritorio-para-20-funcionarios\/\" >\n\t\t\t\tComo mobiliar um escrit\u00f3rio para 20 funcion\u00e1rios?\t\t\t<\/a>\n\t\t<\/h3>\n\t\t\t\t<div class=\"elementor-post__meta-data\">\n\t\t\t\t\t<span class=\"elementor-post-date\">\n\t\t\tagosto 28, 2026\t\t<\/span>\n\t\t\t\t<\/div>\n\t\t\t\t<div class=\"elementor-post__excerpt\">\n\t\t\t<p>Como mobiliar um escrit\u00f3rio para 20 funcion\u00e1rios? Mobiliar um escrit\u00f3rio para 20 funcion\u00e1rios exige mais planejamento do que simplesmente calcular 20 mesas e 20 cadeiras. \u00c9 preciso distribuir a equipe entre os diferentes setores, dimensionar<\/p>\n\t\t<\/div>\n\t\t\n\t\t<a class=\"elementor-post__read-more\" href=\"https:\/\/lojadocentro.com.br\/moveis\/postagens-blog\/como-mobiliar-um-escritorio-para-20-funcionarios\/\" aria-label=\"Leia mais sobre Como mobiliar um escrit\u00f3rio para 20 funcion\u00e1rios?\" tabindex=\"-1\" >\n\t\t\tLeia mais \u00bb\t\t<\/a>\n\n\t\t\t\t<\/div>\n\t\t\t\t<\/article>\n\t\t\t\t<article class=\"elementor-post elementor-grid-item post-62185 postagens-blog type-postagens-blog status-publish has-post-thumbnail hentry\" role=\"listitem\">\n\t\t\t\t<a class=\"elementor-post__thumbnail__link\" href=\"https:\/\/lojadocentro.com.br\/moveis\/postagens-blog\/como-escolher-a-mesa-de-reuniao-ideal-para-sua-empresa\/\" tabindex=\"-1\" >\n\t\t\t<div class=\"elementor-post__thumbnail\"><img decoding=\"async\" width=\"1024\" height=\"559\" src=\"https:\/\/lojadocentro.com.br\/moveis\/wp-content\/uploads\/2026\/07\/como-escolher-a-mesa-de-reuniao-ideal-para-sua-empresa.jpg\" class=\"attachment-full size-full wp-image-62186\" alt=\"Mesa de reuni\u00e3o ideal\" srcset=\"https:\/\/lojadocentro.com.br\/moveis\/wp-content\/uploads\/2026\/07\/como-escolher-a-mesa-de-reuniao-ideal-para-sua-empresa.jpg 1024w, https:\/\/lojadocentro.com.br\/moveis\/wp-content\/uploads\/2026\/07\/como-escolher-a-mesa-de-reuniao-ideal-para-sua-empresa-300x164.jpg 300w, https:\/\/lojadocentro.com.br\/moveis\/wp-content\/uploads\/2026\/07\/como-escolher-a-mesa-de-reuniao-ideal-para-sua-empresa-200x109.jpg 200w, https:\/\/lojadocentro.com.br\/moveis\/wp-content\/uploads\/2026\/07\/como-escolher-a-mesa-de-reuniao-ideal-para-sua-empresa-768x419.jpg 768w\" sizes=\"(max-width: 1024px) 100vw, 1024px\" \/><\/div>\n\t\t<\/a>\n\t\t\t\t<div class=\"elementor-post__text\">\n\t\t\t\t<h3 class=\"elementor-post__title\">\n\t\t\t<a href=\"https:\/\/lojadocentro.com.br\/moveis\/postagens-blog\/como-escolher-a-mesa-de-reuniao-ideal-para-sua-empresa\/\" >\n\t\t\t\tComo escolher a Mesa de Reuni\u00e3o ideal para sua empresa\t\t\t<\/a>\n\t\t<\/h3>\n\t\t\t\t<div class=\"elementor-post__meta-data\">\n\t\t\t\t\t<span class=\"elementor-post-date\">\n\t\t\tjulho 29, 2026\t\t<\/span>\n\t\t\t\t<\/div>\n\t\t\t\t<div class=\"elementor-post__excerpt\">\n\t\t\t<p>Como escolher a Mesa de Reuni\u00e3o ideal para sua empresa A mesa de reuni\u00e3o \u00e9 muito mais do que um m\u00f3vel para acomodar pessoas durante uma reuni\u00e3o. Ela influencia o conforto dos participantes, a organiza\u00e7\u00e3o<\/p>\n\t\t<\/div>\n\t\t\n\t\t<a class=\"elementor-post__read-more\" href=\"https:\/\/lojadocentro.com.br\/moveis\/postagens-blog\/como-escolher-a-mesa-de-reuniao-ideal-para-sua-empresa\/\" aria-label=\"Leia mais sobre Como escolher a Mesa de Reuni\u00e3o ideal para sua empresa\" tabindex=\"-1\" >\n\t\t\tLeia mais \u00bb\t\t<\/a>\n\n\t\t\t\t<\/div>\n\t\t\t\t<\/article>\n\t\t\t\t<article class=\"elementor-post elementor-grid-item post-62152 postagens-blog type-postagens-blog status-publish has-post-thumbnail hentry\" role=\"listitem\">\n\t\t\t\t<a class=\"elementor-post__thumbnail__link\" href=\"https:\/\/lojadocentro.com.br\/moveis\/postagens-blog\/mesa-para-atendimento-balcao-para-recepcao-ou-baia-para-atendimento\/\" tabindex=\"-1\" >\n\t\t\t<div class=\"elementor-post__thumbnail\"><img loading=\"lazy\" decoding=\"async\" width=\"1013\" height=\"817\" src=\"https:\/\/lojadocentro.com.br\/moveis\/wp-content\/uploads\/2026\/07\/mesa-para-atendimento-balcao-para-recepcao-baia-para-atendimento-qual-a-melhor-opcao-1.jpg\" class=\"attachment-full size-full wp-image-62158\" alt=\"Mesa de atendimento, balc\u00e3o de recep\u00e7\u00e3o ou baia de atendimento, qual a melhor op\u00e7\u00e3o\" srcset=\"https:\/\/lojadocentro.com.br\/moveis\/wp-content\/uploads\/2026\/07\/mesa-para-atendimento-balcao-para-recepcao-baia-para-atendimento-qual-a-melhor-opcao-1.jpg 1013w, https:\/\/lojadocentro.com.br\/moveis\/wp-content\/uploads\/2026\/07\/mesa-para-atendimento-balcao-para-recepcao-baia-para-atendimento-qual-a-melhor-opcao-1-300x242.jpg 300w, https:\/\/lojadocentro.com.br\/moveis\/wp-content\/uploads\/2026\/07\/mesa-para-atendimento-balcao-para-recepcao-baia-para-atendimento-qual-a-melhor-opcao-1-200x161.jpg 200w, https:\/\/lojadocentro.com.br\/moveis\/wp-content\/uploads\/2026\/07\/mesa-para-atendimento-balcao-para-recepcao-baia-para-atendimento-qual-a-melhor-opcao-1-768x619.jpg 768w\" sizes=\"(max-width: 1013px) 100vw, 1013px\" \/><\/div>\n\t\t<\/a>\n\t\t\t\t<div class=\"elementor-post__text\">\n\t\t\t\t<h3 class=\"elementor-post__title\">\n\t\t\t<a href=\"https:\/\/lojadocentro.com.br\/moveis\/postagens-blog\/mesa-para-atendimento-balcao-para-recepcao-ou-baia-para-atendimento\/\" >\n\t\t\t\tMesa para Atendimento, Balc\u00e3o para Recep\u00e7\u00e3o ou Baia para Atendimento\t\t\t<\/a>\n\t\t<\/h3>\n\t\t\t\t<div class=\"elementor-post__meta-data\">\n\t\t\t\t\t<span class=\"elementor-post-date\">\n\t\t\tjulho 23, 2026\t\t<\/span>\n\t\t\t\t<\/div>\n\t\t\t\t<div class=\"elementor-post__excerpt\">\n\t\t\t<p>Mesa para Atendimento, Balc\u00e3o para Recep\u00e7\u00e3o ou Baia para Atendimento: qual \u00e9 a melhor op\u00e7\u00e3o para sua empresa? Quando uma empresa est\u00e1 montando ou reformando sua recep\u00e7\u00e3o, um dos primeiros desafios \u00e9 definir qual tipo<\/p>\n\t\t<\/div>\n\t\t\n\t\t<a class=\"elementor-post__read-more\" href=\"https:\/\/lojadocentro.com.br\/moveis\/postagens-blog\/mesa-para-atendimento-balcao-para-recepcao-ou-baia-para-atendimento\/\" aria-label=\"Leia mais sobre Mesa para Atendimento, Balc\u00e3o para Recep\u00e7\u00e3o ou Baia para Atendimento\" tabindex=\"-1\" >\n\t\t\tLeia mais \u00bb\t\t<\/a>\n\n\t\t\t\t<\/div>\n\t\t\t\t<\/article>\n\t\t\t\t<article class=\"elementor-post elementor-grid-item post-62147 postagens-blog type-postagens-blog status-publish has-post-thumbnail hentry\" role=\"listitem\">\n\t\t\t\t<a class=\"elementor-post__thumbnail__link\" href=\"https:\/\/lojadocentro.com.br\/moveis\/postagens-blog\/estacao-de-trabalho-ou-mesa-plataforma\/\" tabindex=\"-1\" >\n\t\t\t<div class=\"elementor-post__thumbnail\"><img loading=\"lazy\" decoding=\"async\" width=\"1074\" height=\"820\" src=\"https:\/\/lojadocentro.com.br\/moveis\/wp-content\/uploads\/2026\/07\/estacao-de-trabalho-ou-mesa-plataforma-qual-a-melhor-opcao.jpg\" class=\"attachment-full size-full wp-image-62149\" alt=\"Esta\u00e7\u00e3o de Trabalho ou Mesa Plataforma qual a melhor op\u00e7\u00e3o?\" srcset=\"https:\/\/lojadocentro.com.br\/moveis\/wp-content\/uploads\/2026\/07\/estacao-de-trabalho-ou-mesa-plataforma-qual-a-melhor-opcao.jpg 1074w, https:\/\/lojadocentro.com.br\/moveis\/wp-content\/uploads\/2026\/07\/estacao-de-trabalho-ou-mesa-plataforma-qual-a-melhor-opcao-300x229.jpg 300w, https:\/\/lojadocentro.com.br\/moveis\/wp-content\/uploads\/2026\/07\/estacao-de-trabalho-ou-mesa-plataforma-qual-a-melhor-opcao-1024x782.jpg 1024w, https:\/\/lojadocentro.com.br\/moveis\/wp-content\/uploads\/2026\/07\/estacao-de-trabalho-ou-mesa-plataforma-qual-a-melhor-opcao-200x153.jpg 200w, https:\/\/lojadocentro.com.br\/moveis\/wp-content\/uploads\/2026\/07\/estacao-de-trabalho-ou-mesa-plataforma-qual-a-melhor-opcao-768x586.jpg 768w\" sizes=\"(max-width: 1074px) 100vw, 1074px\" \/><\/div>\n\t\t<\/a>\n\t\t\t\t<div class=\"elementor-post__text\">\n\t\t\t\t<h3 class=\"elementor-post__title\">\n\t\t\t<a href=\"https:\/\/lojadocentro.com.br\/moveis\/postagens-blog\/estacao-de-trabalho-ou-mesa-plataforma\/\" >\n\t\t\t\tEsta\u00e7\u00e3o de Trabalho ou Mesa Plataforma\t\t\t<\/a>\n\t\t<\/h3>\n\t\t\t\t<div class=\"elementor-post__meta-data\">\n\t\t\t\t\t<span class=\"elementor-post-date\">\n\t\t\tjulho 21, 2026\t\t<\/span>\n\t\t\t\t<\/div>\n\t\t\t\t<div class=\"elementor-post__excerpt\">\n\t\t\t<p>Esta\u00e7\u00e3o de Trabalho ou Mesa Plataforma: qual a diferen\u00e7a e qual \u00e9 a melhor escolha para sua empresa? Quem est\u00e1 pesquisando m\u00f3veis para escrit\u00f3rio provavelmente j\u00e1 encontrou os termos esta\u00e7\u00e3o de trabalho e mesa plataforma.<\/p>\n\t\t<\/div>\n\t\t\n\t\t<a class=\"elementor-post__read-more\" href=\"https:\/\/lojadocentro.com.br\/moveis\/postagens-blog\/estacao-de-trabalho-ou-mesa-plataforma\/\" aria-label=\"Leia mais sobre Esta\u00e7\u00e3o de Trabalho ou Mesa Plataforma\" tabindex=\"-1\" >\n\t\t\tLeia mais \u00bb\t\t<\/a>\n\n\t\t\t\t<\/div>\n\t\t\t\t<\/article>\n\t\t\t\t<article class=\"elementor-post elementor-grid-item post-62083 postagens-blog type-postagens-blog status-publish has-post-thumbnail hentry\" role=\"listitem\">\n\t\t\t\t<a class=\"elementor-post__thumbnail__link\" href=\"https:\/\/lojadocentro.com.br\/moveis\/postagens-blog\/como-montar-um-escritorio-pequeno-guia-completo-para-aproveitar-cada-metro-quadrado\/\" tabindex=\"-1\" >\n\t\t\t<div class=\"elementor-post__thumbnail\"><img loading=\"lazy\" decoding=\"async\" width=\"1370\" height=\"820\" src=\"https:\/\/lojadocentro.com.br\/moveis\/wp-content\/uploads\/2026\/07\/como-montar-um-escritorio-pequeno.jpg\" class=\"attachment-full size-full wp-image-62086\" alt=\"Como montar um escrit\u00f3rio compacto?\" srcset=\"https:\/\/lojadocentro.com.br\/moveis\/wp-content\/uploads\/2026\/07\/como-montar-um-escritorio-pequeno.jpg 1370w, https:\/\/lojadocentro.com.br\/moveis\/wp-content\/uploads\/2026\/07\/como-montar-um-escritorio-pequeno-300x180.jpg 300w, https:\/\/lojadocentro.com.br\/moveis\/wp-content\/uploads\/2026\/07\/como-montar-um-escritorio-pequeno-1024x613.jpg 1024w, https:\/\/lojadocentro.com.br\/moveis\/wp-content\/uploads\/2026\/07\/como-montar-um-escritorio-pequeno-200x120.jpg 200w, https:\/\/lojadocentro.com.br\/moveis\/wp-content\/uploads\/2026\/07\/como-montar-um-escritorio-pequeno-768x460.jpg 768w\" sizes=\"(max-width: 1370px) 100vw, 1370px\" \/><\/div>\n\t\t<\/a>\n\t\t\t\t<div class=\"elementor-post__text\">\n\t\t\t\t<h3 class=\"elementor-post__title\">\n\t\t\t<a href=\"https:\/\/lojadocentro.com.br\/moveis\/postagens-blog\/como-montar-um-escritorio-pequeno-guia-completo-para-aproveitar-cada-metro-quadrado\/\" >\n\t\t\t\tComo Montar um Escrit\u00f3rio Pequeno: Guia Completo para Aproveitar Cada Metro Quadrado\t\t\t<\/a>\n\t\t<\/h3>\n\t\t\t\t<div class=\"elementor-post__meta-data\">\n\t\t\t\t\t<span class=\"elementor-post-date\">\n\t\t\tjulho 14, 2026\t\t<\/span>\n\t\t\t\t<\/div>\n\t\t\t\t<div class=\"elementor-post__excerpt\">\n\t\t\t<p>1. Antes de comprar qualquer m\u00f3vel, comece pelo espa\u00e7o dispon\u00edvel Este \u00e9 um dos erros mais comuns na montagem de escrit\u00f3rios: comprar os m\u00f3veis primeiro e tentar encaix\u00e1-los depois. Antes de escolher mesas, cadeiras ou<\/p>\n\t\t<\/div>\n\t\t\n\t\t<a class=\"elementor-post__read-more\" href=\"https:\/\/lojadocentro.com.br\/moveis\/postagens-blog\/como-montar-um-escritorio-pequeno-guia-completo-para-aproveitar-cada-metro-quadrado\/\" aria-label=\"Leia mais sobre Como Montar um Escrit\u00f3rio Pequeno: Guia Completo para Aproveitar Cada Metro Quadrado\" tabindex=\"-1\" >\n\t\t\tLeia mais \u00bb\t\t<\/a>\n\n\t\t\t\t<\/div>\n\t\t\t\t<\/article>\n\t\t\t\t<article class=\"elementor-post elementor-grid-item post-62059 postagens-blog type-postagens-blog status-publish has-post-thumbnail hentry\" role=\"listitem\">\n\t\t\t\t<a class=\"elementor-post__thumbnail__link\" href=\"https:\/\/lojadocentro.com.br\/moveis\/postagens-blog\/como-escolher-a-melhor-mesa-de-escritorio\/\" tabindex=\"-1\" >\n\t\t\t<div class=\"elementor-post__thumbnail\"><img loading=\"lazy\" decoding=\"async\" width=\"1600\" height=\"1200\" src=\"https:\/\/lojadocentro.com.br\/moveis\/wp-content\/uploads\/2026\/07\/mesa-de-escritorio.jpeg\" class=\"attachment-full size-full wp-image-62060\" alt=\"Mesa para Escrit\u00f3rio, Reta ou em L.\" srcset=\"https:\/\/lojadocentro.com.br\/moveis\/wp-content\/uploads\/2026\/07\/mesa-de-escritorio.jpeg 1600w, https:\/\/lojadocentro.com.br\/moveis\/wp-content\/uploads\/2026\/07\/mesa-de-escritorio-300x225.jpeg 300w, https:\/\/lojadocentro.com.br\/moveis\/wp-content\/uploads\/2026\/07\/mesa-de-escritorio-1024x768.jpeg 1024w, https:\/\/lojadocentro.com.br\/moveis\/wp-content\/uploads\/2026\/07\/mesa-de-escritorio-200x150.jpeg 200w, https:\/\/lojadocentro.com.br\/moveis\/wp-content\/uploads\/2026\/07\/mesa-de-escritorio-768x576.jpeg 768w, https:\/\/lojadocentro.com.br\/moveis\/wp-content\/uploads\/2026\/07\/mesa-de-escritorio-1536x1152.jpeg 1536w\" sizes=\"(max-width: 1600px) 100vw, 1600px\" \/><\/div>\n\t\t<\/a>\n\t\t\t\t<div class=\"elementor-post__text\">\n\t\t\t\t<h3 class=\"elementor-post__title\">\n\t\t\t<a href=\"https:\/\/lojadocentro.com.br\/moveis\/postagens-blog\/como-escolher-a-melhor-mesa-de-escritorio\/\" >\n\t\t\t\tComo Escolher a Melhor Mesa de Escrit\u00f3rio?\t\t\t<\/a>\n\t\t<\/h3>\n\t\t\t\t<div class=\"elementor-post__meta-data\">\n\t\t\t\t\t<span class=\"elementor-post-date\">\n\t\t\tjulho 1, 2026\t\t<\/span>\n\t\t\t\t<\/div>\n\t\t\t\t<div class=\"elementor-post__excerpt\">\n\t\t\t<p>Como Escolher a Melhor Mesa de Escrit\u00f3rio para Voc\u00ea, sua Empresa e seus Colaboradores Escolher uma mesa de escrit\u00f3rio parece uma decis\u00e3o simples. Afinal, basta encontrar um modelo bonito que caiba no ambiente, certo? Na<\/p>\n\t\t<\/div>\n\t\t\n\t\t<a class=\"elementor-post__read-more\" href=\"https:\/\/lojadocentro.com.br\/moveis\/postagens-blog\/como-escolher-a-melhor-mesa-de-escritorio\/\" aria-label=\"Leia mais sobre Como Escolher a Melhor Mesa de Escrit\u00f3rio?\" tabindex=\"-1\" >\n\t\t\tLeia mais \u00bb\t\t<\/a>\n\n\t\t\t\t<\/div>\n\t\t\t\t<\/article>\n\t\t\t\t<article class=\"elementor-post elementor-grid-item post-62017 postagens-blog type-postagens-blog status-publish has-post-thumbnail hentry\" role=\"listitem\">\n\t\t\t\t<a class=\"elementor-post__thumbnail__link\" href=\"https:\/\/lojadocentro.com.br\/moveis\/postagens-blog\/qual-o-melhor-material-para-mesa-de-escritorio\/\" tabindex=\"-1\" >\n\t\t\t<div class=\"elementor-post__thumbnail\"><img loading=\"lazy\" decoding=\"async\" width=\"865\" height=\"732\" src=\"https:\/\/lojadocentro.com.br\/moveis\/wp-content\/uploads\/2026\/06\/mdp-ou-mdf.jpg\" class=\"attachment-full size-full wp-image-62020\" alt=\"Qual o Melhor Material para M\u00f3veis de Escrit\u00f3rio? MDP, MDF?\" srcset=\"https:\/\/lojadocentro.com.br\/moveis\/wp-content\/uploads\/2026\/06\/mdp-ou-mdf.jpg 865w, https:\/\/lojadocentro.com.br\/moveis\/wp-content\/uploads\/2026\/06\/mdp-ou-mdf-300x254.jpg 300w, https:\/\/lojadocentro.com.br\/moveis\/wp-content\/uploads\/2026\/06\/mdp-ou-mdf-200x169.jpg 200w, https:\/\/lojadocentro.com.br\/moveis\/wp-content\/uploads\/2026\/06\/mdp-ou-mdf-768x650.jpg 768w\" sizes=\"(max-width: 865px) 100vw, 865px\" \/><\/div>\n\t\t<\/a>\n\t\t\t\t<div class=\"elementor-post__text\">\n\t\t\t\t<h3 class=\"elementor-post__title\">\n\t\t\t<a href=\"https:\/\/lojadocentro.com.br\/moveis\/postagens-blog\/qual-o-melhor-material-para-mesa-de-escritorio\/\" >\n\t\t\t\tQual o Melhor Material para Mesa de Escrit\u00f3rio?\t\t\t<\/a>\n\t\t<\/h3>\n\t\t\t\t<div class=\"elementor-post__meta-data\">\n\t\t\t\t\t<span class=\"elementor-post-date\">\n\t\t\tjunho 30, 2026\t\t<\/span>\n\t\t\t\t<\/div>\n\t\t\t\t<div class=\"elementor-post__excerpt\">\n\t\t\t<p>Qual o Melhor Material para Mesa de Escrit\u00f3rio? MDP ou MDF? Quem pesquisa qual o melhor material para mesa de escrit\u00f3rio normalmente encontra muitas opini\u00f5es diferentes. Afinal, MDP \u00e9 melhor que MDF?\u00a0Existe um material mais<\/p>\n\t\t<\/div>\n\t\t\n\t\t<a class=\"elementor-post__read-more\" href=\"https:\/\/lojadocentro.com.br\/moveis\/postagens-blog\/qual-o-melhor-material-para-mesa-de-escritorio\/\" aria-label=\"Leia mais sobre Qual o Melhor Material para Mesa de Escrit\u00f3rio?\" tabindex=\"-1\" >\n\t\t\tLeia mais \u00bb\t\t<\/a>\n\n\t\t\t\t<\/div>\n\t\t\t\t<\/article>\n\t\t\t\t<article class=\"elementor-post elementor-grid-item post-61984 postagens-blog type-postagens-blog status-publish has-post-thumbnail hentry\" role=\"listitem\">\n\t\t\t\t<a class=\"elementor-post__thumbnail__link\" href=\"https:\/\/lojadocentro.com.br\/moveis\/postagens-blog\/vale-a-pena-parcelar-moveis-de-escritorio-no-cartao\/\" tabindex=\"-1\" >\n\t\t\t<div class=\"elementor-post__thumbnail\"><img loading=\"lazy\" decoding=\"async\" width=\"1428\" height=\"775\" src=\"https:\/\/lojadocentro.com.br\/moveis\/wp-content\/uploads\/2026\/06\/vale-a-pena-parcelar-moveis-de-escritorio-no-cartao-de-credito.jpg\" class=\"attachment-full size-full wp-image-61985\" alt=\"Vale \u00e0 pena parcelar M\u00f3veis de Escrit\u00f3rio no cart\u00e3o do BNDES?\" srcset=\"https:\/\/lojadocentro.com.br\/moveis\/wp-content\/uploads\/2026\/06\/vale-a-pena-parcelar-moveis-de-escritorio-no-cartao-de-credito.jpg 1428w, https:\/\/lojadocentro.com.br\/moveis\/wp-content\/uploads\/2026\/06\/vale-a-pena-parcelar-moveis-de-escritorio-no-cartao-de-credito-300x163.jpg 300w, https:\/\/lojadocentro.com.br\/moveis\/wp-content\/uploads\/2026\/06\/vale-a-pena-parcelar-moveis-de-escritorio-no-cartao-de-credito-1024x556.jpg 1024w, https:\/\/lojadocentro.com.br\/moveis\/wp-content\/uploads\/2026\/06\/vale-a-pena-parcelar-moveis-de-escritorio-no-cartao-de-credito-200x109.jpg 200w, https:\/\/lojadocentro.com.br\/moveis\/wp-content\/uploads\/2026\/06\/vale-a-pena-parcelar-moveis-de-escritorio-no-cartao-de-credito-768x417.jpg 768w\" sizes=\"(max-width: 1428px) 100vw, 1428px\" \/><\/div>\n\t\t<\/a>\n\t\t\t\t<div class=\"elementor-post__text\">\n\t\t\t\t<h3 class=\"elementor-post__title\">\n\t\t\t<a href=\"https:\/\/lojadocentro.com.br\/moveis\/postagens-blog\/vale-a-pena-parcelar-moveis-de-escritorio-no-cartao\/\" >\n\t\t\t\tVale a pena parcelar m\u00f3veis de escrit\u00f3rio no cart\u00e3o?\t\t\t<\/a>\n\t\t<\/h3>\n\t\t\t\t<div class=\"elementor-post__meta-data\">\n\t\t\t\t\t<span class=\"elementor-post-date\">\n\t\t\tjunho 23, 2026\t\t<\/span>\n\t\t\t\t<\/div>\n\t\t\t\t<div class=\"elementor-post__excerpt\">\n\t\t\t<p>Vale \u00e0 Pena Parcelar M\u00f3veis de Escrit\u00f3rio no Cart\u00e3o? Montar ou renovar um escrit\u00f3rio exige planejamento. Seja para equipar uma empresa em crescimento, criar um ambiente de home office mais produtivo ou modernizar um espa\u00e7o<\/p>\n\t\t<\/div>\n\t\t\n\t\t<a class=\"elementor-post__read-more\" href=\"https:\/\/lojadocentro.com.br\/moveis\/postagens-blog\/vale-a-pena-parcelar-moveis-de-escritorio-no-cartao\/\" aria-label=\"Leia mais sobre Vale a pena parcelar m\u00f3veis de escrit\u00f3rio no cart\u00e3o?\" tabindex=\"-1\" >\n\t\t\tLeia mais \u00bb\t\t<\/a>\n\n\t\t\t\t<\/div>\n\t\t\t\t<\/article>\n\t\t\t\t<article class=\"elementor-post elementor-grid-item post-61967 postagens-blog type-postagens-blog status-publish has-post-thumbnail hentry\" role=\"listitem\">\n\t\t\t\t<a class=\"elementor-post__thumbnail__link\" href=\"https:\/\/lojadocentro.com.br\/moveis\/postagens-blog\/cadeira-para-escrivaninha\/\" tabindex=\"-1\" >\n\t\t\t<div class=\"elementor-post__thumbnail\"><img loading=\"lazy\" decoding=\"async\" width=\"814\" height=\"756\" src=\"https:\/\/lojadocentro.com.br\/moveis\/wp-content\/uploads\/2026\/06\/cadeira-para-escrivaninha.jpg\" class=\"attachment-full size-full wp-image-61978\" alt=\"Cadeira para Escrivaninha confort\u00e1vel\" srcset=\"https:\/\/lojadocentro.com.br\/moveis\/wp-content\/uploads\/2026\/06\/cadeira-para-escrivaninha.jpg 814w, https:\/\/lojadocentro.com.br\/moveis\/wp-content\/uploads\/2026\/06\/cadeira-para-escrivaninha-300x279.jpg 300w, https:\/\/lojadocentro.com.br\/moveis\/wp-content\/uploads\/2026\/06\/cadeira-para-escrivaninha-200x186.jpg 200w, https:\/\/lojadocentro.com.br\/moveis\/wp-content\/uploads\/2026\/06\/cadeira-para-escrivaninha-768x713.jpg 768w\" sizes=\"(max-width: 814px) 100vw, 814px\" \/><\/div>\n\t\t<\/a>\n\t\t\t\t<div class=\"elementor-post__text\">\n\t\t\t\t<h3 class=\"elementor-post__title\">\n\t\t\t<a href=\"https:\/\/lojadocentro.com.br\/moveis\/postagens-blog\/cadeira-para-escrivaninha\/\" >\n\t\t\t\tCadeira para Escrivaninha\t\t\t<\/a>\n\t\t<\/h3>\n\t\t\t\t<div class=\"elementor-post__meta-data\">\n\t\t\t\t\t<span class=\"elementor-post-date\">\n\t\t\tjunho 18, 2026\t\t<\/span>\n\t\t\t\t<\/div>\n\t\t\t\t<div class=\"elementor-post__excerpt\">\n\t\t\t<p>Cadeira para Escrivaninha: Como Escolher o Modelo Ideal para Trabalhar e Estudar com Conforto A escolha da cadeira para escrivaninha \u00e9 um dos fatores mais importantes para criar um ambiente confort\u00e1vel, produtivo e agrad\u00e1vel, seja<\/p>\n\t\t<\/div>\n\t\t\n\t\t<a class=\"elementor-post__read-more\" href=\"https:\/\/lojadocentro.com.br\/moveis\/postagens-blog\/cadeira-para-escrivaninha\/\" aria-label=\"Leia mais sobre Cadeira para Escrivaninha\" tabindex=\"-1\" >\n\t\t\tLeia mais \u00bb\t\t<\/a>\n\n\t\t\t\t<\/div>\n\t\t\t\t<\/article>\n\t\t\t\t<article class=\"elementor-post elementor-grid-item post-61961 postagens-blog type-postagens-blog status-publish has-post-thumbnail hentry\" role=\"listitem\">\n\t\t\t\t<a class=\"elementor-post__thumbnail__link\" href=\"https:\/\/lojadocentro.com.br\/moveis\/postagens-blog\/escrivaninha-com-gavetas\/\" tabindex=\"-1\" >\n\t\t\t<div class=\"elementor-post__thumbnail\"><img loading=\"lazy\" decoding=\"async\" width=\"1207\" height=\"762\" src=\"https:\/\/lojadocentro.com.br\/moveis\/wp-content\/uploads\/2026\/06\/escrivaninha-com-gavetas-4.jpg\" class=\"attachment-full size-full wp-image-61962\" alt=\"Escrivaninha com gaveteiro de 4 gavetas\" srcset=\"https:\/\/lojadocentro.com.br\/moveis\/wp-content\/uploads\/2026\/06\/escrivaninha-com-gavetas-4.jpg 1207w, https:\/\/lojadocentro.com.br\/moveis\/wp-content\/uploads\/2026\/06\/escrivaninha-com-gavetas-4-300x189.jpg 300w, https:\/\/lojadocentro.com.br\/moveis\/wp-content\/uploads\/2026\/06\/escrivaninha-com-gavetas-4-1024x646.jpg 1024w, https:\/\/lojadocentro.com.br\/moveis\/wp-content\/uploads\/2026\/06\/escrivaninha-com-gavetas-4-200x126.jpg 200w, https:\/\/lojadocentro.com.br\/moveis\/wp-content\/uploads\/2026\/06\/escrivaninha-com-gavetas-4-768x485.jpg 768w\" sizes=\"(max-width: 1207px) 100vw, 1207px\" \/><\/div>\n\t\t<\/a>\n\t\t\t\t<div class=\"elementor-post__text\">\n\t\t\t\t<h3 class=\"elementor-post__title\">\n\t\t\t<a href=\"https:\/\/lojadocentro.com.br\/moveis\/postagens-blog\/escrivaninha-com-gavetas\/\" >\n\t\t\t\tEscrivaninha com Gavetas\t\t\t<\/a>\n\t\t<\/h3>\n\t\t\t\t<div class=\"elementor-post__meta-data\">\n\t\t\t\t\t<span class=\"elementor-post-date\">\n\t\t\tjunho 17, 2026\t\t<\/span>\n\t\t\t\t<\/div>\n\t\t\t\t<div class=\"elementor-post__excerpt\">\n\t\t\t<p>Escrivaninha com Gavetas: como escolher o modelo ideal para escrit\u00f3rio, home office e estudos A escrivaninha com gavetas \u00e9 um dos m\u00f3veis mais vers\u00e1teis para criar um espa\u00e7o de trabalho, estudo ou organiza\u00e7\u00e3o dentro de<\/p>\n\t\t<\/div>\n\t\t\n\t\t<a class=\"elementor-post__read-more\" href=\"https:\/\/lojadocentro.com.br\/moveis\/postagens-blog\/escrivaninha-com-gavetas\/\" aria-label=\"Leia mais sobre Escrivaninha com Gavetas\" tabindex=\"-1\" >\n\t\t\tLeia mais \u00bb\t\t<\/a>\n\n\t\t\t\t<\/div>\n\t\t\t\t<\/article>\n\t\t\t\t<\/div>\n\t\t\n\t\t\t\t\t\t<\/div>\n\t\t\t\t<\/div>\n\t\t\t\t\t<\/div>\n\t\t<\/div>\n\t\t\t\t<div class=\"elementor-column elementor-col-33 elementor-top-column elementor-element elementor-element-b9e0d8f\" data-id=\"b9e0d8f\" data-element_type=\"column\" data-e-type=\"column\" data-settings=\"{&quot;background_background&quot;:&quot;classic&quot;}\">\n\t\t\t<div class=\"elementor-widget-wrap elementor-element-populated\">\n\t\t\t\t\t\t<div class=\"elementor-element elementor-element-6f317b2 elementor-hidden-tablet elementor-hidden-phone elementor-widget elementor-widget-image\" data-id=\"6f317b2\" data-element_type=\"widget\" data-e-type=\"widget\" data-widget_type=\"image.default\">\n\t\t\t\t<div class=\"elementor-widget-container\">\n\t\t\t\t\t\t\t\t\t\t\t\t\t\t\t<img loading=\"lazy\" decoding=\"async\" width=\"270\" height=\"350\" src=\"https:\/\/lojadocentro.com.br\/moveis\/wp-content\/uploads\/2022\/03\/banner-lateral.jpg\" class=\"attachment-full size-full wp-image-58465\" alt=\"\" srcset=\"https:\/\/lojadocentro.com.br\/moveis\/wp-content\/uploads\/2022\/03\/banner-lateral.jpg 270w, https:\/\/lojadocentro.com.br\/moveis\/wp-content\/uploads\/2022\/03\/banner-lateral-231x300.jpg 231w, https:\/\/lojadocentro.com.br\/moveis\/wp-content\/uploads\/2022\/03\/banner-lateral-154x200.jpg 154w\" sizes=\"(max-width: 270px) 100vw, 270px\" \/>\t\t\t\t\t\t\t\t\t\t\t\t\t\t\t<\/div>\n\t\t\t\t<\/div>\n\t\t\t\t<div class=\"elementor-element elementor-element-a3a01ae elementor-widget elementor-widget-heading\" data-id=\"a3a01ae\" data-element_type=\"widget\" data-e-type=\"widget\" data-widget_type=\"heading.default\">\n\t\t\t\t<div class=\"elementor-widget-container\">\n\t\t\t\t\t<h4 class=\"elementor-heading-title elementor-size-default\">Nossos Produtos<\/h4>\t\t\t\t<\/div>\n\t\t\t\t<\/div>\n\t\t\t\t<div class=\"elementor-element elementor-element-3fc027e elementor-grid-1 elementor-posts--thumbnail-left elementor-posts--align-left elementor-grid-tablet-2 elementor-grid-mobile-1 elementor-widget elementor-widget-posts\" data-id=\"3fc027e\" data-element_type=\"widget\" data-e-type=\"widget\" data-settings=\"{&quot;classic_columns&quot;:&quot;1&quot;,&quot;classic_row_gap&quot;:{&quot;unit&quot;:&quot;px&quot;,&quot;size&quot;:&quot;30&quot;,&quot;sizes&quot;:[]},&quot;classic_columns_tablet&quot;:&quot;2&quot;,&quot;classic_columns_mobile&quot;:&quot;1&quot;,&quot;classic_row_gap_tablet&quot;:{&quot;unit&quot;:&quot;px&quot;,&quot;size&quot;:&quot;&quot;,&quot;sizes&quot;:[]},&quot;classic_row_gap_mobile&quot;:{&quot;unit&quot;:&quot;px&quot;,&quot;size&quot;:&quot;&quot;,&quot;sizes&quot;:[]}}\" data-widget_type=\"posts.classic\">\n\t\t\t\t<div class=\"elementor-widget-container\">\n\t\t\t\t\t\t\t<div class=\"elementor-posts-container elementor-posts elementor-posts--skin-classic elementor-grid\" role=\"list\">\n\t\t\t\t<article class=\"elementor-post elementor-grid-item post-62354 post type-post status-publish format-standard has-post-thumbnail hentry category-mesas-para-reuniao tag-fortline segmentos-moveis-para-advogados segmentos-moveis-para-coworking\" role=\"listitem\">\n\t\t\t\t<a class=\"elementor-post__thumbnail__link\" href=\"https:\/\/lojadocentro.com.br\/moveis\/mesas-para-escritorio\/mesas-para-reuniao\/mesa-de-reuniao-com-base-caixa\/\" tabindex=\"-1\" >\n\t\t\t<div class=\"elementor-post__thumbnail\"><img loading=\"lazy\" decoding=\"async\" width=\"944\" height=\"1118\" src=\"https:\/\/lojadocentro.com.br\/moveis\/wp-content\/uploads\/2026\/09\/mesa-de-reuniao-base-caixa-e-cadeiras.jpg\" class=\"attachment-full size-full wp-image-62363\" alt=\"Mesa de Reuni\u00e3o com Base Caixa e Cadeiras\" srcset=\"https:\/\/lojadocentro.com.br\/moveis\/wp-content\/uploads\/2026\/09\/mesa-de-reuniao-base-caixa-e-cadeiras.jpg 944w, https:\/\/lojadocentro.com.br\/moveis\/wp-content\/uploads\/2026\/09\/mesa-de-reuniao-base-caixa-e-cadeiras-253x300.jpg 253w, https:\/\/lojadocentro.com.br\/moveis\/wp-content\/uploads\/2026\/09\/mesa-de-reuniao-base-caixa-e-cadeiras-865x1024.jpg 865w, https:\/\/lojadocentro.com.br\/moveis\/wp-content\/uploads\/2026\/09\/mesa-de-reuniao-base-caixa-e-cadeiras-169x200.jpg 169w, https:\/\/lojadocentro.com.br\/moveis\/wp-content\/uploads\/2026\/09\/mesa-de-reuniao-base-caixa-e-cadeiras-768x910.jpg 768w\" sizes=\"(max-width: 944px) 100vw, 944px\" \/><\/div>\n\t\t<\/a>\n\t\t\t\t<div class=\"elementor-post__text\">\n\t\t\t\t<h3 class=\"elementor-post__title\">\n\t\t\t<a href=\"https:\/\/lojadocentro.com.br\/moveis\/mesas-para-escritorio\/mesas-para-reuniao\/mesa-de-reuniao-com-base-caixa\/\" >\n\t\t\t\tMesa de Reuni\u00e3o com Base Caixa\t\t\t<\/a>\n\t\t<\/h3>\n\t\t\t\t<div class=\"elementor-post__meta-data\">\n\t\t\t\t\t<span class=\"elementor-post-date\">\n\t\t\tsetembro 2, 2026\t\t<\/span>\n\t\t\t\t<\/div>\n\t\t\t\t<\/div>\n\t\t\t\t<\/article>\n\t\t\t\t<article class=\"elementor-post elementor-grid-item post-62335 post type-post status-publish format-standard has-post-thumbnail hentry category-mesas-para-reuniao segmentos-moveis-para-advogados segmentos-moveis-para-agencias segmentos-moveis-para-coworking\" role=\"listitem\">\n\t\t\t\t<a class=\"elementor-post__thumbnail__link\" href=\"https:\/\/lojadocentro.com.br\/moveis\/mesas-para-escritorio\/mesas-para-reuniao\/cabine-acustica-para-escritorio\/\" tabindex=\"-1\" >\n\t\t\t<div class=\"elementor-post__thumbnail\"><img loading=\"lazy\" decoding=\"async\" width=\"1040\" height=\"815\" src=\"https:\/\/lojadocentro.com.br\/moveis\/wp-content\/uploads\/2026\/08\/cabine-acustica-2-lugares.jpg\" class=\"attachment-full size-full wp-image-62336\" alt=\"Cabine Ac\u00fastica Escrit\u00f3rio; em S\u00e3o Paulo\" srcset=\"https:\/\/lojadocentro.com.br\/moveis\/wp-content\/uploads\/2026\/08\/cabine-acustica-2-lugares.jpg 1040w, https:\/\/lojadocentro.com.br\/moveis\/wp-content\/uploads\/2026\/08\/cabine-acustica-2-lugares-300x235.jpg 300w, https:\/\/lojadocentro.com.br\/moveis\/wp-content\/uploads\/2026\/08\/cabine-acustica-2-lugares-1024x802.jpg 1024w, https:\/\/lojadocentro.com.br\/moveis\/wp-content\/uploads\/2026\/08\/cabine-acustica-2-lugares-200x157.jpg 200w, https:\/\/lojadocentro.com.br\/moveis\/wp-content\/uploads\/2026\/08\/cabine-acustica-2-lugares-768x602.jpg 768w\" sizes=\"(max-width: 1040px) 100vw, 1040px\" \/><\/div>\n\t\t<\/a>\n\t\t\t\t<div class=\"elementor-post__text\">\n\t\t\t\t<h3 class=\"elementor-post__title\">\n\t\t\t<a href=\"https:\/\/lojadocentro.com.br\/moveis\/mesas-para-escritorio\/mesas-para-reuniao\/cabine-acustica-para-escritorio\/\" >\n\t\t\t\tCabine Ac\u00fastica Para Escrit\u00f3rio\t\t\t<\/a>\n\t\t<\/h3>\n\t\t\t\t<div class=\"elementor-post__meta-data\">\n\t\t\t\t\t<span class=\"elementor-post-date\">\n\t\t\tagosto 17, 2026\t\t<\/span>\n\t\t\t\t<\/div>\n\t\t\t\t<\/div>\n\t\t\t\t<\/article>\n\t\t\t\t<article class=\"elementor-post elementor-grid-item post-62330 post type-post status-publish format-standard has-post-thumbnail hentry category-estacao-de-trabalho-luxo category-mesas-plataforma category-plataformas-de-trabalho segmentos-moveis-corporativos-premium segmentos-moveis-para-advogados segmentos-moveis-para-agencias segmentos-moveis-para-coworking\" role=\"listitem\">\n\t\t\t\t<a class=\"elementor-post__thumbnail__link\" href=\"https:\/\/lojadocentro.com.br\/moveis\/estacoes-de-trabalho\/estacao-de-trabalho-luxo\/mesa-plataforma-4-lugares-4\/\" tabindex=\"-1\" >\n\t\t\t<div class=\"elementor-post__thumbnail\"><img loading=\"lazy\" decoding=\"async\" width=\"999\" height=\"640\" src=\"https:\/\/lojadocentro.com.br\/moveis\/wp-content\/uploads\/2026\/08\/mesa-plataforma-4-lugares-6.jpg\" class=\"attachment-full size-full wp-image-62331\" alt=\"Esta\u00e7\u00e3o de Trabalho de 4 Lugares; em SP\" srcset=\"https:\/\/lojadocentro.com.br\/moveis\/wp-content\/uploads\/2026\/08\/mesa-plataforma-4-lugares-6.jpg 999w, https:\/\/lojadocentro.com.br\/moveis\/wp-content\/uploads\/2026\/08\/mesa-plataforma-4-lugares-6-300x192.jpg 300w, https:\/\/lojadocentro.com.br\/moveis\/wp-content\/uploads\/2026\/08\/mesa-plataforma-4-lugares-6-200x128.jpg 200w, https:\/\/lojadocentro.com.br\/moveis\/wp-content\/uploads\/2026\/08\/mesa-plataforma-4-lugares-6-768x492.jpg 768w\" sizes=\"(max-width: 999px) 100vw, 999px\" \/><\/div>\n\t\t<\/a>\n\t\t\t\t<div class=\"elementor-post__text\">\n\t\t\t\t<h3 class=\"elementor-post__title\">\n\t\t\t<a href=\"https:\/\/lojadocentro.com.br\/moveis\/estacoes-de-trabalho\/estacao-de-trabalho-luxo\/mesa-plataforma-4-lugares-4\/\" >\n\t\t\t\tMesa Plataforma 4 Lugares\t\t\t<\/a>\n\t\t<\/h3>\n\t\t\t\t<div class=\"elementor-post__meta-data\">\n\t\t\t\t\t<span class=\"elementor-post-date\">\n\t\t\tagosto 17, 2026\t\t<\/span>\n\t\t\t\t<\/div>\n\t\t\t\t<\/div>\n\t\t\t\t<\/article>\n\t\t\t\t<article class=\"elementor-post elementor-grid-item post-62317 post type-post status-publish format-standard has-post-thumbnail hentry category-estacao-de-trabalho-luxo category-mesas-plataforma category-plataformas-de-trabalho segmentos-moveis-para-advogados segmentos-moveis-para-agencias segmentos-moveis-para-coworking\" role=\"listitem\">\n\t\t\t\t<a class=\"elementor-post__thumbnail__link\" href=\"https:\/\/lojadocentro.com.br\/moveis\/mesas-plataforma\/mesa-plataforma-4-lugares-3\/\" tabindex=\"-1\" >\n\t\t\t<div class=\"elementor-post__thumbnail\"><img loading=\"lazy\" decoding=\"async\" width=\"893\" height=\"862\" src=\"https:\/\/lojadocentro.com.br\/moveis\/wp-content\/uploads\/2026\/08\/mesa-plataforma-4-lugares-1-1.jpg\" class=\"attachment-full size-full wp-image-62328\" alt=\"Esta\u00e7\u00e3o de Trabalho 4 Lugares\" srcset=\"https:\/\/lojadocentro.com.br\/moveis\/wp-content\/uploads\/2026\/08\/mesa-plataforma-4-lugares-1-1.jpg 893w, https:\/\/lojadocentro.com.br\/moveis\/wp-content\/uploads\/2026\/08\/mesa-plataforma-4-lugares-1-1-300x290.jpg 300w, https:\/\/lojadocentro.com.br\/moveis\/wp-content\/uploads\/2026\/08\/mesa-plataforma-4-lugares-1-1-200x193.jpg 200w, https:\/\/lojadocentro.com.br\/moveis\/wp-content\/uploads\/2026\/08\/mesa-plataforma-4-lugares-1-1-768x741.jpg 768w\" sizes=\"(max-width: 893px) 100vw, 893px\" \/><\/div>\n\t\t<\/a>\n\t\t\t\t<div class=\"elementor-post__text\">\n\t\t\t\t<h3 class=\"elementor-post__title\">\n\t\t\t<a href=\"https:\/\/lojadocentro.com.br\/moveis\/mesas-plataforma\/mesa-plataforma-4-lugares-3\/\" >\n\t\t\t\tMesa Plataforma 4 Lugares\t\t\t<\/a>\n\t\t<\/h3>\n\t\t\t\t<div class=\"elementor-post__meta-data\">\n\t\t\t\t\t<span class=\"elementor-post-date\">\n\t\t\tagosto 17, 2026\t\t<\/span>\n\t\t\t\t<\/div>\n\t\t\t\t<\/div>\n\t\t\t\t<\/article>\n\t\t\t\t<\/div>\n\t\t\n\t\t\t\t\t\t<\/div>\n\t\t\t\t<\/div>\n\t\t\t\t<section class=\"elementor-section elementor-inner-section elementor-element elementor-element-0ef6c92 elementor-section-boxed elementor-section-height-default elementor-section-height-default\" data-id=\"0ef6c92\" data-element_type=\"section\" data-e-type=\"section\" data-settings=\"{&quot;background_background&quot;:&quot;classic&quot;,&quot;jet_parallax_layout_list&quot;:[]}\">\n\t\t\t\t\t\t<div class=\"elementor-container elementor-column-gap-default\">\n\t\t\t\t\t<div class=\"elementor-column elementor-col-100 elementor-inner-column elementor-element elementor-element-c817e3f\" data-id=\"c817e3f\" data-element_type=\"column\" data-e-type=\"column\">\n\t\t\t<div class=\"elementor-widget-wrap elementor-element-populated\">\n\t\t\t\t\t\t<div class=\"elementor-element elementor-element-5538bf2 elementor-widget-divider--view-line_text elementor-widget-divider--element-align-right elementor-widget elementor-widget-divider\" data-id=\"5538bf2\" data-element_type=\"widget\" data-e-type=\"widget\" data-widget_type=\"divider.default\">\n\t\t\t\t<div class=\"elementor-widget-container\">\n\t\t\t\t\t\t\t<div class=\"elementor-divider\">\n\t\t\t<span class=\"elementor-divider-separator\">\n\t\t\t\t\t\t\t<span class=\"elementor-divider__text elementor-divider__element\">\n\t\t\t\tReceba as Novidades\t\t\t\t<\/span>\n\t\t\t\t\t\t<\/span>\n\t\t<\/div>\n\t\t\t\t\t\t<\/div>\n\t\t\t\t<\/div>\n\t\t\t\t<div class=\"elementor-element elementor-element-2fac336 elementor-widget elementor-widget-heading\" data-id=\"2fac336\" data-element_type=\"widget\" data-e-type=\"widget\" data-widget_type=\"heading.default\">\n\t\t\t\t<div class=\"elementor-widget-container\">\n\t\t\t\t\t<h3 class=\"elementor-heading-title elementor-size-default\">Inscreva-se em nossa  Newsletter\n<\/h3>\t\t\t\t<\/div>\n\t\t\t\t<\/div>\n\t\t\t\t<div class=\"elementor-element elementor-element-6da5202 elementor-widget elementor-widget-text-editor\" data-id=\"6da5202\" data-element_type=\"widget\" data-e-type=\"widget\" data-widget_type=\"text-editor.default\">\n\t\t\t\t<div class=\"elementor-widget-container\">\n\t\t\t\t\t\t\t\t\t<p>Sem SPAM<\/p>\t\t\t\t\t\t\t\t<\/div>\n\t\t\t\t<\/div>\n\t\t\t\t<div class=\"elementor-element elementor-element-f7af336 elementor-button-align-stretch elementor-widget elementor-widget-form\" data-id=\"f7af336\" data-element_type=\"widget\" data-e-type=\"widget\" data-settings=\"{&quot;step_next_label&quot;:&quot;Pr\\u00f3ximo&quot;,&quot;step_previous_label&quot;:&quot;Anterior&quot;,&quot;button_width&quot;:&quot;100&quot;,&quot;step_type&quot;:&quot;number_text&quot;,&quot;step_icon_shape&quot;:&quot;circle&quot;}\" data-widget_type=\"form.default\">\n\t\t\t\t<div class=\"elementor-widget-container\">\n\t\t\t\t\t\t\t<form class=\"elementor-form\" method=\"post\" name=\"New Form\" aria-label=\"New Form\">\n\t\t\t<input type=\"hidden\" name=\"post_id\" value=\"58971\"\/>\n\t\t\t<input type=\"hidden\" name=\"form_id\" value=\"f7af336\"\/>\n\t\t\t<input type=\"hidden\" name=\"referer_title\" value=\"M\u00f3veis para Escrit\u00f3rio &#8211; Loja do Centro\" \/>\n\n\t\t\t\n\t\t\t<div class=\"elementor-form-fields-wrapper elementor-labels-\">\n\t\t\t\t\t\t\t\t<div class=\"elementor-field-type-email elementor-field-group elementor-column elementor-field-group-email elementor-col-100 elementor-field-required\">\n\t\t\t\t\t\t\t\t\t\t\t\t<label for=\"form-field-email\" class=\"elementor-field-label elementor-screen-only\">\n\t\t\t\t\t\t\t\tSeu e-mail\t\t\t\t\t\t\t<\/label>\n\t\t\t\t\t\t\t\t\t\t\t\t\t\t<input size=\"1\" type=\"email\" name=\"form_fields[email]\" id=\"form-field-email\" class=\"elementor-field elementor-size-sm  elementor-field-textual\" placeholder=\"Seu e-mail\" required=\"required\">\n\t\t\t\t\t\t\t\t\t\t\t<\/div>\n\t\t\t\t\t\t\t\t<div class=\"elementor-field-group elementor-column elementor-field-type-submit elementor-col-100 e-form__buttons\">\n\t\t\t\t\t<button class=\"elementor-button elementor-size-sm\" type=\"submit\">\n\t\t\t\t\t\t<span class=\"elementor-button-content-wrapper\">\n\t\t\t\t\t\t\t\t\t\t\t\t\t\t\t\t\t\t\t\t\t\t<span class=\"elementor-button-text\">inscrever<\/span>\n\t\t\t\t\t\t\t\t\t\t\t\t\t<\/span>\n\t\t\t\t\t<\/button>\n\t\t\t\t<\/div>\n\t\t\t<\/div>\n\t\t<\/form>\n\t\t\t\t\t\t<\/div>\n\t\t\t\t<\/div>\n\t\t\t\t\t<\/div>\n\t\t<\/div>\n\t\t\t\t\t<\/div>\n\t\t<\/section>\n\t\t\t\t\t<\/div>\n\t\t<\/div>\n\t\t\t\t\t<\/div>\n\t\t<\/section>\n\t\t\t\t<section class=\"elementor-section elementor-top-section elementor-element elementor-element-83495ca elementor-section-boxed elementor-section-height-default elementor-section-height-default\" data-id=\"83495ca\" data-element_type=\"section\" data-e-type=\"section\" data-settings=\"{&quot;jet_parallax_layout_list&quot;:[]}\">\n\t\t\t\t\t\t<div class=\"elementor-container elementor-column-gap-default\">\n\t\t\t\t\t<div class=\"elementor-column elementor-col-100 elementor-top-column elementor-element elementor-element-12be0fb\" data-id=\"12be0fb\" data-element_type=\"column\" data-e-type=\"column\" data-settings=\"{&quot;background_background&quot;:&quot;classic&quot;}\">\n\t\t\t<div class=\"elementor-widget-wrap elementor-element-populated\">\n\t\t\t\t\t\t<section class=\"elementor-section elementor-inner-section elementor-element elementor-element-e2373c2 elementor-section-boxed elementor-section-height-default elementor-section-height-default\" data-id=\"e2373c2\" data-element_type=\"section\" data-e-type=\"section\" data-settings=\"{&quot;jet_parallax_layout_list&quot;:[]}\">\n\t\t\t\t\t\t<div class=\"elementor-container elementor-column-gap-default\">\n\t\t\t\t\t<div class=\"elementor-column elementor-col-50 elementor-inner-column elementor-element elementor-element-70fd630\" data-id=\"70fd630\" data-element_type=\"column\" data-e-type=\"column\">\n\t\t\t<div class=\"elementor-widget-wrap elementor-element-populated\">\n\t\t\t\t\t\t<div class=\"elementor-element elementor-element-811bf42 elementor-widget-divider--view-line_text elementor-widget-divider--element-align-right elementor-widget elementor-widget-divider\" data-id=\"811bf42\" data-element_type=\"widget\" data-e-type=\"widget\" data-widget_type=\"divider.default\">\n\t\t\t\t<div class=\"elementor-widget-container\">\n\t\t\t\t\t\t\t<div class=\"elementor-divider\">\n\t\t\t<span class=\"elementor-divider-separator\">\n\t\t\t\t\t\t\t<span class=\"elementor-divider__text elementor-divider__element\">\n\t\t\t\tPostagens\t\t\t\t<\/span>\n\t\t\t\t\t\t<\/span>\n\t\t<\/div>\n\t\t\t\t\t\t<\/div>\n\t\t\t\t<\/div>\n\t\t\t\t<div class=\"elementor-element elementor-element-8b7826f elementor-widget elementor-widget-heading\" data-id=\"8b7826f\" data-element_type=\"widget\" data-e-type=\"widget\" data-widget_type=\"heading.default\">\n\t\t\t\t<div class=\"elementor-widget-container\">\n\t\t\t\t\t<h2 class=\"elementor-heading-title elementor-size-default\">Relacionadas<\/h2>\t\t\t\t<\/div>\n\t\t\t\t<\/div>\n\t\t\t\t\t<\/div>\n\t\t<\/div>\n\t\t\t\t<div class=\"elementor-column elementor-col-50 elementor-inner-column elementor-element elementor-element-09e8880\" data-id=\"09e8880\" data-element_type=\"column\" data-e-type=\"column\">\n\t\t\t<div class=\"elementor-widget-wrap elementor-element-populated\">\n\t\t\t\t\t\t<div class=\"elementor-element elementor-element-b9d5867 elementor-widget__width-auto elementor-align-right elementor-widget elementor-widget-button\" data-id=\"b9d5867\" data-element_type=\"widget\" data-e-type=\"widget\" data-widget_type=\"button.default\">\n\t\t\t\t<div class=\"elementor-widget-container\">\n\t\t\t\t\t\t\t\t\t<div class=\"elementor-button-wrapper\">\n\t\t\t\t\t<a class=\"elementor-button elementor-button-link elementor-size-sm\" href=\"#\">\n\t\t\t\t\t\t<span class=\"elementor-button-content-wrapper\">\n\t\t\t\t\t\t<span class=\"elementor-button-icon\">\n\t\t\t\t<i aria-hidden=\"true\" class=\"fas fa-chevron-right\"><\/i>\t\t\t<\/span>\n\t\t\t\t\t\t\t\t\t<span class=\"elementor-button-text\">Navegar<\/span>\n\t\t\t\t\t<\/span>\n\t\t\t\t\t<\/a>\n\t\t\t\t<\/div>\n\t\t\t\t\t\t\t\t<\/div>\n\t\t\t\t<\/div>\n\t\t\t\t\t<\/div>\n\t\t<\/div>\n\t\t\t\t\t<\/div>\n\t\t<\/section>\n\t\t\t\t<div class=\"elementor-element elementor-element-dbb9c0d elementor-grid-4 elementor-grid-tablet-2 elementor-grid-mobile-1 elementor-posts--thumbnail-top elementor-widget elementor-widget-posts\" data-id=\"dbb9c0d\" data-element_type=\"widget\" data-e-type=\"widget\" data-settings=\"{&quot;classic_columns&quot;:&quot;4&quot;,&quot;classic_row_gap&quot;:{&quot;unit&quot;:&quot;px&quot;,&quot;size&quot;:&quot;40&quot;,&quot;sizes&quot;:[]},&quot;classic_columns_tablet&quot;:&quot;2&quot;,&quot;classic_columns_mobile&quot;:&quot;1&quot;,&quot;classic_row_gap_tablet&quot;:{&quot;unit&quot;:&quot;px&quot;,&quot;size&quot;:&quot;&quot;,&quot;sizes&quot;:[]},&quot;classic_row_gap_mobile&quot;:{&quot;unit&quot;:&quot;px&quot;,&quot;size&quot;:&quot;&quot;,&quot;sizes&quot;:[]}}\" data-widget_type=\"posts.classic\">\n\t\t\t\t<div class=\"elementor-widget-container\">\n\t\t\t\t\t\t\t<div class=\"elementor-posts-container elementor-posts elementor-posts--skin-classic elementor-grid\" role=\"list\">\n\t\t\t\t<article class=\"elementor-post elementor-grid-item post-62352 postagens-blog type-postagens-blog status-publish has-post-thumbnail hentry\" role=\"listitem\">\n\t\t\t\t<a class=\"elementor-post__thumbnail__link\" href=\"https:\/\/lojadocentro.com.br\/moveis\/postagens-blog\/como-mobiliar-um-escritorio-para-20-funcionarios\/\" tabindex=\"-1\" >\n\t\t\t<div class=\"elementor-post__thumbnail\"><img decoding=\"async\" width=\"1536\" height=\"1024\" src=\"https:\/\/lojadocentro.com.br\/moveis\/wp-content\/uploads\/2026\/08\/como-mobiliar-um-escritorio-para-20-funcionarios.jpg\" class=\"attachment-full size-full wp-image-62353\" alt=\"Como mobiliar um escrit\u00f3rio para 20 pessoas?\" srcset=\"https:\/\/lojadocentro.com.br\/moveis\/wp-content\/uploads\/2026\/08\/como-mobiliar-um-escritorio-para-20-funcionarios.jpg 1536w, https:\/\/lojadocentro.com.br\/moveis\/wp-content\/uploads\/2026\/08\/como-mobiliar-um-escritorio-para-20-funcionarios-300x200.jpg 300w, https:\/\/lojadocentro.com.br\/moveis\/wp-content\/uploads\/2026\/08\/como-mobiliar-um-escritorio-para-20-funcionarios-1024x683.jpg 1024w, https:\/\/lojadocentro.com.br\/moveis\/wp-content\/uploads\/2026\/08\/como-mobiliar-um-escritorio-para-20-funcionarios-200x133.jpg 200w, https:\/\/lojadocentro.com.br\/moveis\/wp-content\/uploads\/2026\/08\/como-mobiliar-um-escritorio-para-20-funcionarios-768x512.jpg 768w\" sizes=\"(max-width: 1536px) 100vw, 1536px\" \/><\/div>\n\t\t<\/a>\n\t\t\t\t<div class=\"elementor-post__text\">\n\t\t\t\t<h3 class=\"elementor-post__title\">\n\t\t\t<a href=\"https:\/\/lojadocentro.com.br\/moveis\/postagens-blog\/como-mobiliar-um-escritorio-para-20-funcionarios\/\" >\n\t\t\t\tComo mobiliar um escrit\u00f3rio para 20 funcion\u00e1rios?\t\t\t<\/a>\n\t\t<\/h3>\n\t\t\t\t<div class=\"elementor-post__excerpt\">\n\t\t\t<p>Como mobiliar um escrit\u00f3rio para 20 funcion\u00e1rios? Mobiliar um escrit\u00f3rio para 20 funcion\u00e1rios exige mais<\/p>\n\t\t<\/div>\n\t\t\n\t\t<a class=\"elementor-post__read-more\" href=\"https:\/\/lojadocentro.com.br\/moveis\/postagens-blog\/como-mobiliar-um-escritorio-para-20-funcionarios\/\" aria-label=\"Leia mais sobre Como mobiliar um escrit\u00f3rio para 20 funcion\u00e1rios?\" tabindex=\"-1\" >\n\t\t\tLeia mais \u00bb\t\t<\/a>\n\n\t\t\t\t<\/div>\n\t\t\t\t<\/article>\n\t\t\t\t<article class=\"elementor-post elementor-grid-item post-62185 postagens-blog type-postagens-blog status-publish has-post-thumbnail hentry\" role=\"listitem\">\n\t\t\t\t<a class=\"elementor-post__thumbnail__link\" href=\"https:\/\/lojadocentro.com.br\/moveis\/postagens-blog\/como-escolher-a-mesa-de-reuniao-ideal-para-sua-empresa\/\" tabindex=\"-1\" >\n\t\t\t<div class=\"elementor-post__thumbnail\"><img decoding=\"async\" width=\"1024\" height=\"559\" src=\"https:\/\/lojadocentro.com.br\/moveis\/wp-content\/uploads\/2026\/07\/como-escolher-a-mesa-de-reuniao-ideal-para-sua-empresa.jpg\" class=\"attachment-full size-full wp-image-62186\" alt=\"Mesa de reuni\u00e3o ideal\" srcset=\"https:\/\/lojadocentro.com.br\/moveis\/wp-content\/uploads\/2026\/07\/como-escolher-a-mesa-de-reuniao-ideal-para-sua-empresa.jpg 1024w, https:\/\/lojadocentro.com.br\/moveis\/wp-content\/uploads\/2026\/07\/como-escolher-a-mesa-de-reuniao-ideal-para-sua-empresa-300x164.jpg 300w, https:\/\/lojadocentro.com.br\/moveis\/wp-content\/uploads\/2026\/07\/como-escolher-a-mesa-de-reuniao-ideal-para-sua-empresa-200x109.jpg 200w, https:\/\/lojadocentro.com.br\/moveis\/wp-content\/uploads\/2026\/07\/como-escolher-a-mesa-de-reuniao-ideal-para-sua-empresa-768x419.jpg 768w\" sizes=\"(max-width: 1024px) 100vw, 1024px\" \/><\/div>\n\t\t<\/a>\n\t\t\t\t<div class=\"elementor-post__text\">\n\t\t\t\t<h3 class=\"elementor-post__title\">\n\t\t\t<a href=\"https:\/\/lojadocentro.com.br\/moveis\/postagens-blog\/como-escolher-a-mesa-de-reuniao-ideal-para-sua-empresa\/\" >\n\t\t\t\tComo escolher a Mesa de Reuni\u00e3o ideal para sua empresa\t\t\t<\/a>\n\t\t<\/h3>\n\t\t\t\t<div class=\"elementor-post__excerpt\">\n\t\t\t<p>Como escolher a Mesa de Reuni\u00e3o ideal para sua empresa A mesa de reuni\u00e3o \u00e9<\/p>\n\t\t<\/div>\n\t\t\n\t\t<a class=\"elementor-post__read-more\" href=\"https:\/\/lojadocentro.com.br\/moveis\/postagens-blog\/como-escolher-a-mesa-de-reuniao-ideal-para-sua-empresa\/\" aria-label=\"Leia mais sobre Como escolher a Mesa de Reuni\u00e3o ideal para sua empresa\" tabindex=\"-1\" >\n\t\t\tLeia mais \u00bb\t\t<\/a>\n\n\t\t\t\t<\/div>\n\t\t\t\t<\/article>\n\t\t\t\t<article class=\"elementor-post elementor-grid-item post-62152 postagens-blog type-postagens-blog status-publish has-post-thumbnail hentry\" role=\"listitem\">\n\t\t\t\t<a class=\"elementor-post__thumbnail__link\" href=\"https:\/\/lojadocentro.com.br\/moveis\/postagens-blog\/mesa-para-atendimento-balcao-para-recepcao-ou-baia-para-atendimento\/\" tabindex=\"-1\" >\n\t\t\t<div class=\"elementor-post__thumbnail\"><img loading=\"lazy\" decoding=\"async\" width=\"1013\" height=\"817\" src=\"https:\/\/lojadocentro.com.br\/moveis\/wp-content\/uploads\/2026\/07\/mesa-para-atendimento-balcao-para-recepcao-baia-para-atendimento-qual-a-melhor-opcao-1.jpg\" class=\"attachment-full size-full wp-image-62158\" alt=\"Mesa de atendimento, balc\u00e3o de recep\u00e7\u00e3o ou baia de atendimento, qual a melhor op\u00e7\u00e3o\" srcset=\"https:\/\/lojadocentro.com.br\/moveis\/wp-content\/uploads\/2026\/07\/mesa-para-atendimento-balcao-para-recepcao-baia-para-atendimento-qual-a-melhor-opcao-1.jpg 1013w, https:\/\/lojadocentro.com.br\/moveis\/wp-content\/uploads\/2026\/07\/mesa-para-atendimento-balcao-para-recepcao-baia-para-atendimento-qual-a-melhor-opcao-1-300x242.jpg 300w, https:\/\/lojadocentro.com.br\/moveis\/wp-content\/uploads\/2026\/07\/mesa-para-atendimento-balcao-para-recepcao-baia-para-atendimento-qual-a-melhor-opcao-1-200x161.jpg 200w, https:\/\/lojadocentro.com.br\/moveis\/wp-content\/uploads\/2026\/07\/mesa-para-atendimento-balcao-para-recepcao-baia-para-atendimento-qual-a-melhor-opcao-1-768x619.jpg 768w\" sizes=\"(max-width: 1013px) 100vw, 1013px\" \/><\/div>\n\t\t<\/a>\n\t\t\t\t<div class=\"elementor-post__text\">\n\t\t\t\t<h3 class=\"elementor-post__title\">\n\t\t\t<a href=\"https:\/\/lojadocentro.com.br\/moveis\/postagens-blog\/mesa-para-atendimento-balcao-para-recepcao-ou-baia-para-atendimento\/\" >\n\t\t\t\tMesa para Atendimento, Balc\u00e3o para Recep\u00e7\u00e3o ou Baia para Atendimento\t\t\t<\/a>\n\t\t<\/h3>\n\t\t\t\t<div class=\"elementor-post__excerpt\">\n\t\t\t<p>Mesa para Atendimento, Balc\u00e3o para Recep\u00e7\u00e3o ou Baia para Atendimento: qual \u00e9 a melhor op\u00e7\u00e3o<\/p>\n\t\t<\/div>\n\t\t\n\t\t<a class=\"elementor-post__read-more\" href=\"https:\/\/lojadocentro.com.br\/moveis\/postagens-blog\/mesa-para-atendimento-balcao-para-recepcao-ou-baia-para-atendimento\/\" aria-label=\"Leia mais sobre Mesa para Atendimento, Balc\u00e3o para Recep\u00e7\u00e3o ou Baia para Atendimento\" tabindex=\"-1\" >\n\t\t\tLeia mais \u00bb\t\t<\/a>\n\n\t\t\t\t<\/div>\n\t\t\t\t<\/article>\n\t\t\t\t<article class=\"elementor-post elementor-grid-item post-62147 postagens-blog type-postagens-blog status-publish has-post-thumbnail hentry\" role=\"listitem\">\n\t\t\t\t<a class=\"elementor-post__thumbnail__link\" href=\"https:\/\/lojadocentro.com.br\/moveis\/postagens-blog\/estacao-de-trabalho-ou-mesa-plataforma\/\" tabindex=\"-1\" >\n\t\t\t<div class=\"elementor-post__thumbnail\"><img loading=\"lazy\" decoding=\"async\" width=\"1074\" height=\"820\" src=\"https:\/\/lojadocentro.com.br\/moveis\/wp-content\/uploads\/2026\/07\/estacao-de-trabalho-ou-mesa-plataforma-qual-a-melhor-opcao.jpg\" class=\"attachment-full size-full wp-image-62149\" alt=\"Esta\u00e7\u00e3o de Trabalho ou Mesa Plataforma qual a melhor op\u00e7\u00e3o?\" srcset=\"https:\/\/lojadocentro.com.br\/moveis\/wp-content\/uploads\/2026\/07\/estacao-de-trabalho-ou-mesa-plataforma-qual-a-melhor-opcao.jpg 1074w, https:\/\/lojadocentro.com.br\/moveis\/wp-content\/uploads\/2026\/07\/estacao-de-trabalho-ou-mesa-plataforma-qual-a-melhor-opcao-300x229.jpg 300w, https:\/\/lojadocentro.com.br\/moveis\/wp-content\/uploads\/2026\/07\/estacao-de-trabalho-ou-mesa-plataforma-qual-a-melhor-opcao-1024x782.jpg 1024w, https:\/\/lojadocentro.com.br\/moveis\/wp-content\/uploads\/2026\/07\/estacao-de-trabalho-ou-mesa-plataforma-qual-a-melhor-opcao-200x153.jpg 200w, https:\/\/lojadocentro.com.br\/moveis\/wp-content\/uploads\/2026\/07\/estacao-de-trabalho-ou-mesa-plataforma-qual-a-melhor-opcao-768x586.jpg 768w\" sizes=\"(max-width: 1074px) 100vw, 1074px\" \/><\/div>\n\t\t<\/a>\n\t\t\t\t<div class=\"elementor-post__text\">\n\t\t\t\t<h3 class=\"elementor-post__title\">\n\t\t\t<a href=\"https:\/\/lojadocentro.com.br\/moveis\/postagens-blog\/estacao-de-trabalho-ou-mesa-plataforma\/\" >\n\t\t\t\tEsta\u00e7\u00e3o de Trabalho ou Mesa Plataforma\t\t\t<\/a>\n\t\t<\/h3>\n\t\t\t\t<div class=\"elementor-post__excerpt\">\n\t\t\t<p>Esta\u00e7\u00e3o de Trabalho ou Mesa Plataforma: qual a diferen\u00e7a e qual \u00e9 a melhor escolha<\/p>\n\t\t<\/div>\n\t\t\n\t\t<a class=\"elementor-post__read-more\" href=\"https:\/\/lojadocentro.com.br\/moveis\/postagens-blog\/estacao-de-trabalho-ou-mesa-plataforma\/\" aria-label=\"Leia mais sobre Esta\u00e7\u00e3o de Trabalho ou Mesa Plataforma\" tabindex=\"-1\" >\n\t\t\tLeia mais \u00bb\t\t<\/a>\n\n\t\t\t\t<\/div>\n\t\t\t\t<\/article>\n\t\t\t\t<\/div>\n\t\t\n\t\t\t\t\t\t<\/div>\n\t\t\t\t<\/div>\n\t\t\t\t\t<\/div>\n\t\t<\/div>\n\t\t\t\t\t<\/div>\n\t\t<\/section>\n\t\t\t\t<\/div>\n\t\t","protected":false},"excerpt":{"rendered":"<p>Blog Loja do Centro Loja Centro Posts Recentes Nossos Produtos Receba as Novidades Inscreva-se em nossa Newsletter Sem SPAM Postagens Relacionadas Navegar<\/p>\n","protected":false},"author":6,"featured_media":0,"parent":0,"menu_order":0,"comment_status":"closed","ping_status":"closed","template":"","meta":{"_exactmetrics_skip_tracking":false,"site-sidebar-layout":"no-sidebar","site-content-layout":"page-builder","ast-site-content-layout":"","site-content-style":"default","site-sidebar-style":"default","ast-global-header-display":"","ast-banner-title-visibility":"","ast-main-header-display":"","ast-hfb-above-header-display":"","ast-hfb-below-header-display":"","ast-hfb-mobile-header-display":"","site-post-title":"disabled","ast-breadcrumbs-content":"","ast-featured-img":"disabled","footer-sml-layout":"","theme-transparent-header-meta":"default","adv-header-id-meta":"","stick-header-meta":"default","header-above-stick-meta":"","header-main-stick-meta":"","header-below-stick-meta":"","astra-migrate-meta-layouts":"default","ast-page-background-enabled":"default","ast-page-background-meta":{"desktop":{"background-color":"var(--ast-global-color-4)","background-image":"","background-repeat":"repeat","background-position":"center center","background-size":"auto","background-attachment":"scroll","background-type":"","background-media":"","overlay-type":"","overlay-color":"","overlay-opacity":"","overlay-gradient":""},"tablet":{"background-color":"","background-image":"","background-repeat":"repeat","background-position":"center center","background-size":"auto","background-attachment":"scroll","background-type":"","background-media":"","overlay-type":"","overlay-color":"","overlay-opacity":"","overlay-gradient":""},"mobile":{"background-color":"","background-image":"","background-repeat":"repeat","background-position":"center center","background-size":"auto","background-attachment":"scroll","background-type":"","background-media":"","overlay-type":"","overlay-color":"","overlay-opacity":"","overlay-gradient":""}},"ast-content-background-meta":{"desktop":{"background-color":"var(--ast-global-color-5)","background-image":"","background-repeat":"repeat","background-position":"center center","background-size":"auto","background-attachment":"scroll","background-type":"","background-media":"","overlay-type":"","overlay-color":"","overlay-opacity":"","overlay-gradient":""},"tablet":{"background-color":"var(--ast-global-color-5)","background-image":"","background-repeat":"repeat","background-position":"center center","background-size":"auto","background-attachment":"scroll","background-type":"","background-media":"","overlay-type":"","overlay-color":"","overlay-opacity":"","overlay-gradient":""},"mobile":{"background-color":"var(--ast-global-color-5)","background-image":"","background-repeat":"repeat","background-position":"center center","background-size":"auto","background-attachment":"scroll","background-type":"","background-media":"","overlay-type":"","overlay-color":"","overlay-opacity":"","overlay-gradient":""}},"footnotes":""},"class_list":["post-58971","page","type-page","status-publish","hentry"],"yoast_head":"<!-- This site is optimized with the Yoast SEO plugin v28.2 - https:\/\/yoast.com\/product\/yoast-seo-wordpress\/ -->\n<title>Blog - M\u00f3veis para Escrit\u00f3rio - Loja do Centro<\/title>\n<meta name=\"robots\" content=\"index, follow, max-snippet:-1, max-image-preview:large, max-video-preview:-1\" \/>\n<link rel=\"canonical\" href=\"https:\/\/lojadocentro.com.br\/moveis\/blog\/\" \/>\n<meta property=\"og:locale\" content=\"pt_BR\" \/>\n<meta property=\"og:type\" content=\"article\" \/>\n<meta property=\"og:title\" content=\"Blog - M\u00f3veis para Escrit\u00f3rio - Loja do Centro\" \/>\n<meta property=\"og:description\" content=\"Blog Loja do Centro Loja Centro Posts Recentes Nossos Produtos Receba as Novidades Inscreva-se em nossa Newsletter Sem SPAM Postagens Relacionadas Navegar\" \/>\n<meta property=\"og:url\" content=\"https:\/\/lojadocentro.com.br\/moveis\/blog\/\" \/>\n<meta property=\"og:site_name\" content=\"M\u00f3veis para Escrit\u00f3rio - Loja do Centro\" \/>\n<meta property=\"article:modified_time\" content=\"2022-05-17T16:58:44+00:00\" \/>\n<meta property=\"og:image\" content=\"https:\/\/www.lojadocentro.com.br\/moveis\/wp-content\/uploads\/2022\/02\/Prius-1.jpg\" \/>\n<meta name=\"twitter:card\" content=\"summary_large_image\" \/>\n<meta name=\"twitter:label1\" content=\"Est. tempo de leitura\" \/>\n\t<meta name=\"twitter:data1\" content=\"3 minutos\" \/>\n<script type=\"application\/ld+json\" class=\"yoast-schema-graph\">{\"@context\":\"https:\\\/\\\/schema.org\",\"@graph\":[{\"@type\":\"WebPage\",\"@id\":\"https:\\\/\\\/lojadocentro.com.br\\\/moveis\\\/blog\\\/\",\"url\":\"https:\\\/\\\/lojadocentro.com.br\\\/moveis\\\/blog\\\/\",\"name\":\"Blog - M\u00f3veis para Escrit\u00f3rio - Loja do Centro\",\"isPartOf\":{\"@id\":\"https:\\\/\\\/lojadocentro.com.br\\\/moveis\\\/#website\"},\"primaryImageOfPage\":{\"@id\":\"https:\\\/\\\/lojadocentro.com.br\\\/moveis\\\/blog\\\/#primaryimage\"},\"image\":{\"@id\":\"https:\\\/\\\/lojadocentro.com.br\\\/moveis\\\/blog\\\/#primaryimage\"},\"thumbnailUrl\":\"https:\\\/\\\/www.lojadocentro.com.br\\\/moveis\\\/wp-content\\\/uploads\\\/2022\\\/02\\\/Prius-1.jpg\",\"datePublished\":\"2022-05-17T13:14:15+00:00\",\"dateModified\":\"2022-05-17T16:58:44+00:00\",\"breadcrumb\":{\"@id\":\"https:\\\/\\\/lojadocentro.com.br\\\/moveis\\\/blog\\\/#breadcrumb\"},\"inLanguage\":\"pt-BR\",\"potentialAction\":[{\"@type\":\"ReadAction\",\"target\":[\"https:\\\/\\\/lojadocentro.com.br\\\/moveis\\\/blog\\\/\"]}]},{\"@type\":\"ImageObject\",\"inLanguage\":\"pt-BR\",\"@id\":\"https:\\\/\\\/lojadocentro.com.br\\\/moveis\\\/blog\\\/#primaryimage\",\"url\":\"https:\\\/\\\/www.lojadocentro.com.br\\\/moveis\\\/wp-content\\\/uploads\\\/2022\\\/02\\\/Prius-1.jpg\",\"contentUrl\":\"https:\\\/\\\/www.lojadocentro.com.br\\\/moveis\\\/wp-content\\\/uploads\\\/2022\\\/02\\\/Prius-1.jpg\"},{\"@type\":\"BreadcrumbList\",\"@id\":\"https:\\\/\\\/lojadocentro.com.br\\\/moveis\\\/blog\\\/#breadcrumb\",\"itemListElement\":[{\"@type\":\"ListItem\",\"position\":1,\"name\":\"In\u00edcio\",\"item\":\"https:\\\/\\\/lojadocentro.com.br\\\/moveis\\\/\"},{\"@type\":\"ListItem\",\"position\":2,\"name\":\"Blog\"}]},{\"@type\":\"WebSite\",\"@id\":\"https:\\\/\\\/lojadocentro.com.br\\\/moveis\\\/#website\",\"url\":\"https:\\\/\\\/lojadocentro.com.br\\\/moveis\\\/\",\"name\":\"M\u00f3veis para Escrit\u00f3rio - Loja do Centro\",\"description\":\"Loja de M\u00f3veis para Escrit\u00f3rio\",\"publisher\":{\"@id\":\"https:\\\/\\\/lojadocentro.com.br\\\/moveis\\\/#organization\"},\"potentialAction\":[{\"@type\":\"SearchAction\",\"target\":{\"@type\":\"EntryPoint\",\"urlTemplate\":\"https:\\\/\\\/lojadocentro.com.br\\\/moveis\\\/?s={search_term_string}\"},\"query-input\":{\"@type\":\"PropertyValueSpecification\",\"valueRequired\":true,\"valueName\":\"search_term_string\"}}],\"inLanguage\":\"pt-BR\"},{\"@type\":\"Organization\",\"@id\":\"https:\\\/\\\/lojadocentro.com.br\\\/moveis\\\/#organization\",\"name\":\"M\u00f3veis para Escrit\u00f3rio Loja do Centro\",\"url\":\"https:\\\/\\\/lojadocentro.com.br\\\/moveis\\\/\",\"logo\":{\"@type\":\"ImageObject\",\"inLanguage\":\"pt-BR\",\"@id\":\"https:\\\/\\\/lojadocentro.com.br\\\/moveis\\\/#\\\/schema\\\/logo\\\/image\\\/\",\"url\":\"https:\\\/\\\/www.lojadocentro.com.br\\\/moveis\\\/wp-content\\\/uploads\\\/2015\\\/12\\\/moveis-para-escritorio-loja-do-centro-logo.jpg\",\"contentUrl\":\"https:\\\/\\\/www.lojadocentro.com.br\\\/moveis\\\/wp-content\\\/uploads\\\/2015\\\/12\\\/moveis-para-escritorio-loja-do-centro-logo.jpg\",\"width\":275,\"height\":120,\"caption\":\"M\u00f3veis para Escrit\u00f3rio Loja do Centro\"},\"image\":{\"@id\":\"https:\\\/\\\/lojadocentro.com.br\\\/moveis\\\/#\\\/schema\\\/logo\\\/image\\\/\"}}]}<\/script>\n<!-- \/ Yoast SEO plugin. -->","yoast_head_json":{"title":"Blog - M\u00f3veis para Escrit\u00f3rio - Loja do Centro","robots":{"index":"index","follow":"follow","max-snippet":"max-snippet:-1","max-image-preview":"max-image-preview:large","max-video-preview":"max-video-preview:-1"},"canonical":"https:\/\/lojadocentro.com.br\/moveis\/blog\/","og_locale":"pt_BR","og_type":"article","og_title":"Blog - M\u00f3veis para Escrit\u00f3rio - Loja do Centro","og_description":"Blog Loja do Centro Loja Centro Posts Recentes Nossos Produtos Receba as Novidades Inscreva-se em nossa Newsletter Sem SPAM Postagens Relacionadas Navegar","og_url":"https:\/\/lojadocentro.com.br\/moveis\/blog\/","og_site_name":"M\u00f3veis para Escrit\u00f3rio - Loja do Centro","article_modified_time":"2022-05-17T16:58:44+00:00","og_image":[{"url":"https:\/\/www.lojadocentro.com.br\/moveis\/wp-content\/uploads\/2022\/02\/Prius-1.jpg","type":"","width":"","height":""}],"twitter_card":"summary_large_image","twitter_misc":{"Est. tempo de leitura":"3 minutos"},"schema":{"@context":"https:\/\/schema.org","@graph":[{"@type":"WebPage","@id":"https:\/\/lojadocentro.com.br\/moveis\/blog\/","url":"https:\/\/lojadocentro.com.br\/moveis\/blog\/","name":"Blog - M\u00f3veis para Escrit\u00f3rio - Loja do Centro","isPartOf":{"@id":"https:\/\/lojadocentro.com.br\/moveis\/#website"},"primaryImageOfPage":{"@id":"https:\/\/lojadocentro.com.br\/moveis\/blog\/#primaryimage"},"image":{"@id":"https:\/\/lojadocentro.com.br\/moveis\/blog\/#primaryimage"},"thumbnailUrl":"https:\/\/www.lojadocentro.com.br\/moveis\/wp-content\/uploads\/2022\/02\/Prius-1.jpg","datePublished":"2022-05-17T13:14:15+00:00","dateModified":"2022-05-17T16:58:44+00:00","breadcrumb":{"@id":"https:\/\/lojadocentro.com.br\/moveis\/blog\/#breadcrumb"},"inLanguage":"pt-BR","potentialAction":[{"@type":"ReadAction","target":["https:\/\/lojadocentro.com.br\/moveis\/blog\/"]}]},{"@type":"ImageObject","inLanguage":"pt-BR","@id":"https:\/\/lojadocentro.com.br\/moveis\/blog\/#primaryimage","url":"https:\/\/www.lojadocentro.com.br\/moveis\/wp-content\/uploads\/2022\/02\/Prius-1.jpg","contentUrl":"https:\/\/www.lojadocentro.com.br\/moveis\/wp-content\/uploads\/2022\/02\/Prius-1.jpg"},{"@type":"BreadcrumbList","@id":"https:\/\/lojadocentro.com.br\/moveis\/blog\/#breadcrumb","itemListElement":[{"@type":"ListItem","position":1,"name":"In\u00edcio","item":"https:\/\/lojadocentro.com.br\/moveis\/"},{"@type":"ListItem","position":2,"name":"Blog"}]},{"@type":"WebSite","@id":"https:\/\/lojadocentro.com.br\/moveis\/#website","url":"https:\/\/lojadocentro.com.br\/moveis\/","name":"M\u00f3veis para Escrit\u00f3rio - Loja do Centro","description":"Loja de M\u00f3veis para Escrit\u00f3rio","publisher":{"@id":"https:\/\/lojadocentro.com.br\/moveis\/#organization"},"potentialAction":[{"@type":"SearchAction","target":{"@type":"EntryPoint","urlTemplate":"https:\/\/lojadocentro.com.br\/moveis\/?s={search_term_string}"},"query-input":{"@type":"PropertyValueSpecification","valueRequired":true,"valueName":"search_term_string"}}],"inLanguage":"pt-BR"},{"@type":"Organization","@id":"https:\/\/lojadocentro.com.br\/moveis\/#organization","name":"M\u00f3veis para Escrit\u00f3rio Loja do Centro","url":"https:\/\/lojadocentro.com.br\/moveis\/","logo":{"@type":"ImageObject","inLanguage":"pt-BR","@id":"https:\/\/lojadocentro.com.br\/moveis\/#\/schema\/logo\/image\/","url":"https:\/\/www.lojadocentro.com.br\/moveis\/wp-content\/uploads\/2015\/12\/moveis-para-escritorio-loja-do-centro-logo.jpg","contentUrl":"https:\/\/www.lojadocentro.com.br\/moveis\/wp-content\/uploads\/2015\/12\/moveis-para-escritorio-loja-do-centro-logo.jpg","width":275,"height":120,"caption":"M\u00f3veis para Escrit\u00f3rio Loja do Centro"},"image":{"@id":"https:\/\/lojadocentro.com.br\/moveis\/#\/schema\/logo\/image\/"}}]}},"_links":{"self":[{"href":"https:\/\/lojadocentro.com.br\/moveis\/wp-json\/wp\/v2\/pages\/58971","targetHints":{"allow":["GET"]}}],"collection":[{"href":"https:\/\/lojadocentro.com.br\/moveis\/wp-json\/wp\/v2\/pages"}],"about":[{"href":"https:\/\/lojadocentro.com.br\/moveis\/wp-json\/wp\/v2\/types\/page"}],"author":[{"embeddable":true,"href":"https:\/\/lojadocentro.com.br\/moveis\/wp-json\/wp\/v2\/users\/6"}],"replies":[{"embeddable":true,"href":"https:\/\/lojadocentro.com.br\/moveis\/wp-json\/wp\/v2\/comments?post=58971"}],"version-history":[{"count":0,"href":"https:\/\/lojadocentro.com.br\/moveis\/wp-json\/wp\/v2\/pages\/58971\/revisions"}],"wp:attachment":[{"href":"https:\/\/lojadocentro.com.br\/moveis\/wp-json\/wp\/v2\/media?parent=58971"}],"curies":[{"name":"wp","href":"https:\/\/api.w.org\/{rel}","templated":true}]}}